{"id":10226,"date":"2022-03-10T22:38:31","date_gmt":"2022-03-10T21:38:31","guid":{"rendered":"https:\/\/www.campinglesbastets.com\/surroundings\/le-parc-naturel-regional-du-vercors\/"},"modified":"2022-04-20T12:20:52","modified_gmt":"2022-04-20T10:20:52","slug":"back-to-nature-the-french-vercors","status":"publish","type":"page","link":"https:\/\/www.campinglesbastets.com\/en\/surroundings\/back-to-nature-the-french-vercors\/","title":{"rendered":"Vercors Natural Park"},"content":{"rendered":"<section id=\"section-622a71670b8cc\"\" class=\"section bg-white p-b-0\" \/><div class=\"container extralarge\"><h1 class=\"element section-title center\">Back to nature: the French Vercors<\/h1><div class=\"element bloc-text left \">\n\t<p>For all those who love hiking, enjoy fresh alpine air, and dream of conquering new heights, the Vercors is an absolute must-see during your\u00a0<a href=\"https:\/\/www.campinglesbastets.com\/en\/\">camping holidays in the Drome<\/a>.<\/p>\n<h2>Varied Landscapes<\/h2>\n<p>Start from Grenoble or Valence, and head to the legendary massif, situated between the valleys of the Dr\u00f4me and Is\u00e8re, in the French Rh\u00f4ne Alpes. The Vercors is famous for its varied landscapes, dramatic passages, deep caves, and lush forests. With its vast uninhabited areas and picturesque medieval villages, the Vercours is not only a natural wonder, but also a unique cultural hub with its traditions of foresting, gardening and logging preserved through generations. For instance, logging here is done by the old and sustainable method of the so-called *gardened foresting*, meaning that trees are cut selectively every few years.<\/p>\n<h2>A place of history<\/h2>\n<p>From the Roman times (the very word \u201cVercors\u201d derives from the name of a Celtic tribe who inhabited the region during the Roman invasion) up until nowadays, the area has remained comparatively isolated and self-sufficient. Unsurprisingly, during the World War II the solitary cliffs and caves provided natural shelter to the partisans fighting for the French Resistance. A number of villages in the Vercors were formed in the Middle Ages \u2013 and every now and then you will still see a 13th century chapel or an 11th century church.<\/p>\n<h2>A Regional Natural Park<\/h2>\n<p>The Vercors got its current status of a Regional Natural Park in the 1970s. The spectacular Park covers the enormous area of 205,000 hectares and consists of 85 municipalities. Its most peculiar part is the 17,000-hectare Vercors High Plateaus Natural Reserve which is the largest land-based metropolitan area in France. Here, you might get a glimpse of truly unspoiled nature: the Reserve sits in the heart of wilderness, and you won\u2019t find any permanent settlements or paved roads here.<\/p>\n<h2>A 2,341 meter-high massif<\/h2>\n<p>The highest point of the massif is the 2,341 meter-high Grand Veymont. Head here for a mind-blowing encounter with the local nature: deers and marmots, black grouse and golden eagles can be found here. The flora is a delightful mixture of the alpine and the typical valley vegetation: come here in spring to fully enjoy it. As you hike through the Reserve, you might come across a number of rare species: the wild tulips, lady slippers orchids and the endangered edelweiss. In the forests and valleys you will also find the more common, but not less impressive florals, like great gentian, alpine gentian, alpine linaria, saxifrage and narcissus.<\/p>\n<h2>Ideal place for hikers and climbers<\/h2>\n<p>Indulge in hiking and climbing: here you can take to established routes and cross the Reserve from east to west. One has to remember, however, to stock up on water, especially in summer when the mountain springs dry out. Also, keep in mind that here you might need to stay in unmanned lodgings with no running water or electricity, but only equipped with wooden stoves. The bravest ones might try and conquer the region&#8217;s famous vertiginous roads. Get ready for your journey into the wild!<\/p>\n<\/div><\/div><\/section>\n\n<section id=\"section-622a71670ba73\"\" class=\"section bg-white\" \/><div class=\"container extralarge\"><div class=\"element section-title center h2-like\">Discover the crocodile farm and its surroundings<\/div><ul class=\"liste-de-page\"><li class=\"element call-to-action carre call-to-action--style-1 call-to-action--big\"><a href=\"https:\/\/www.campinglesbastets.com\/en\/surroundings\/robin-s-forest\/\"  class=\"call-to-action_link\" title=\"En savoir plus sur robin&#8217;s forest\"><div class=\"call-to-action_image\"><img decoding=\"async\" src=\"https:\/\/www.campinglesbastets.com\/wp-content\/uploads\/2022\/03\/acrobranche-camping-bastets.jpg\" data-src=\"https:\/\/www.campinglesbastets.com\/wp-content\/uploads\/2022\/03\/acrobranche-camping-bastets.jpg\" alt=\"acrobranche camping bastets\" class=\"big\" \/><\/div><div class=\"call-to-action_contenu\"><div class=\"call-to-action_titre\">Robin&#8217;s forest<\/div><\/div><\/a><\/li><li class=\"element call-to-action carre call-to-action--style-1 call-to-action--big call-to-action--style-1 call-to-action--big\"><a href=\"https:\/\/www.campinglesbastets.com\/en\/surroundings\/lavender\/\"  class=\"call-to-action_link\" title=\"En savoir plus sur lavender\"><div class=\"call-to-action_image\"><img decoding=\"async\" src=\"https:\/\/www.campinglesbastets.com\/wp-content\/uploads\/2022\/03\/lavande-dans-la-drome.jpg\" data-src=\"https:\/\/www.campinglesbastets.com\/wp-content\/uploads\/2022\/03\/lavande-dans-la-drome.jpg\" alt=\"lavande dans la drome\" class=\"big\" \/><\/div><div class=\"call-to-action_contenu\"><div class=\"call-to-action_titre\">Lavender<\/div><\/div><\/a><\/li><li class=\"element call-to-action carre call-to-action--style-1 call-to-action--big call-to-action--style-1 call-to-action--big call-to-action--style-1 call-to-action--big\"><a href=\"https:\/\/www.campinglesbastets.com\/en\/surroundings\/the-perched-villages\/\"  class=\"call-to-action_link\" title=\"En savoir plus sur the perched villages\"><div class=\"call-to-action_image\"><img decoding=\"async\" src=\"https:\/\/www.campinglesbastets.com\/wp-content\/uploads\/2022\/03\/village-poet-laval.jpg\" data-src=\"https:\/\/www.campinglesbastets.com\/wp-content\/uploads\/2022\/03\/village-poet-laval.jpg\" alt=\"village poet laval\" class=\"big\" \/><\/div><div class=\"call-to-action_contenu\"><div class=\"call-to-action_titre\">The perched villages<\/div><\/div><\/a><\/li><li class=\"element call-to-action carre call-to-action--style-1 call-to-action--big call-to-action--style-1 call-to-action--big call-to-action--style-1 call-to-action--big call-to-action--style-1 call-to-action--big\"><a href=\"https:\/\/www.campinglesbastets.com\/en\/surroundings\/the-city-of-chocolate\/\"  class=\"call-to-action_link\" title=\"En savoir plus sur the city of chocolate\"><div class=\"call-to-action_image\"><img decoding=\"async\" src=\"https:\/\/www.campinglesbastets.com\/wp-content\/uploads\/2022\/03\/visiter-cite-du-chocolat.jpg\" data-src=\"https:\/\/www.campinglesbastets.com\/wp-content\/uploads\/2022\/03\/visiter-cite-du-chocolat.jpg\" alt=\"visiter cite du chocolat\" class=\"big\" \/><\/div><div class=\"call-to-action_contenu\"><div class=\"call-to-action_titre\">The City of Chocolate<\/div><\/div><\/a><\/li><li class=\"element call-to-action carre call-to-action--style-1 call-to-action--big call-to-action--style-1 call-to-action--big call-to-action--style-1 call-to-action--big call-to-action--style-1 call-to-action--big call-to-action--style-1 call-to-action--big\"><a href=\"https:\/\/www.campinglesbastets.com\/en\/surroundings\/come-and-visit-chateauneuf-isere\/\"  class=\"call-to-action_link\" title=\"En savoir plus sur visit ch\u00e2teauneuf-sur-is\u00e8re\"><div class=\"call-to-action_image\"><img decoding=\"async\" src=\"https:\/\/www.campinglesbastets.com\/wp-content\/uploads\/2022\/03\/decouvrir-chateauneuf-sur-isere.jpg\" data-src=\"https:\/\/www.campinglesbastets.com\/wp-content\/uploads\/2022\/03\/decouvrir-chateauneuf-sur-isere.jpg\" alt=\"decouvrir chateauneuf sur isere\" class=\"big\" \/><\/div><div class=\"call-to-action_contenu\"><div class=\"call-to-action_titre\">Visit Ch\u00e2teauneuf-sur-Is\u00e8re<\/div><\/div><\/a><\/li><li class=\"element call-to-action carre call-to-action--style-1 call-to-action--big call-to-action--style-1 call-to-action--big call-to-action--style-1 call-to-action--big call-to-action--style-1 call-to-action--big call-to-action--style-1 call-to-action--big call-to-action--style-1 call-to-action--big\"><a href=\"https:\/\/www.campinglesbastets.com\/en\/surroundings\/drome-by-motorcycle\/\"  class=\"call-to-action_link\" title=\"En savoir plus sur the dr\u00f4me by motorcycle\"><div class=\"call-to-action_image\"><img decoding=\"async\" src=\"https:\/\/www.campinglesbastets.com\/wp-content\/uploads\/2022\/03\/drome-en-moto.jpg\" data-src=\"https:\/\/www.campinglesbastets.com\/wp-content\/uploads\/2022\/03\/drome-en-moto.jpg\" alt=\"drome en moto\" class=\"big\" \/><\/div><div class=\"call-to-action_contenu\"><div class=\"call-to-action_titre\">The Dr\u00f4me by motorcycle<\/div><\/div><\/a><\/li><\/ul><\/div><\/section>","protected":false},"excerpt":{"rendered":"","protected":false},"author":1,"featured_media":7350,"parent":9704,"menu_order":0,"comment_status":"closed","ping_status":"closed","template":"","meta":{"_acf_changed":false,"footnotes":""},"class_list":["post-10226","page","type-page","status-publish","has-post-thumbnail","hentry"],"acf":[],"yoast_head":"<!-- This site is optimized with the Yoast SEO plugin v25.3 - https:\/\/yoast.com\/wordpress\/plugins\/seo\/ -->\n<title>The french Vercors : History, landscapes and activities in the Vercors<\/title>\n<meta name=\"description\" content=\"Want to visit the massif of Vercors during your holidays ? Discover the history, the best activities and the most beautiful landscapes of Vercors !\" \/>\n<meta name=\"robots\" content=\"index, follow, max-snippet:-1, max-image-preview:large, max-video-preview:-1\" \/>\n<link rel=\"canonical\" href=\"https:\/\/www.campinglesbastets.com\/en\/surroundings\/back-to-nature-the-french-vercors\/\" \/>\n<meta property=\"og:locale\" content=\"en_US\" \/>\n<meta property=\"og:type\" content=\"article\" \/>\n<meta property=\"og:title\" content=\"The french Vercors : History, landscapes and activities in the Vercors\" \/>\n<meta property=\"og:description\" content=\"Want to visit the massif of Vercors during your holidays ? Discover the history, the best activities and the most beautiful landscapes of Vercors !\" \/>\n<meta property=\"og:url\" content=\"https:\/\/www.campinglesbastets.com\/en\/surroundings\/back-to-nature-the-french-vercors\/\" \/>\n<meta property=\"og:site_name\" content=\"Camping Les Bastets\" \/>\n<meta property=\"article:modified_time\" content=\"2022-04-20T10:20:52+00:00\" \/>\n<meta property=\"og:image\" content=\"https:\/\/www.campinglesbastets.com\/wp-content\/uploads\/2022\/03\/balades-parc-vercors.jpg\" \/>\n\t<meta property=\"og:image:width\" content=\"1900\" \/>\n\t<meta property=\"og:image:height\" content=\"1056\" \/>\n\t<meta property=\"og:image:type\" content=\"image\/jpeg\" \/>\n<meta name=\"twitter:card\" content=\"summary_large_image\" \/>\n<script type=\"application\/ld+json\" class=\"yoast-schema-graph\">{\"@context\":\"https:\/\/schema.org\",\"@graph\":[{\"@type\":\"WebPage\",\"@id\":\"https:\/\/www.campinglesbastets.com\/en\/surroundings\/back-to-nature-the-french-vercors\/\",\"url\":\"https:\/\/www.campinglesbastets.com\/en\/surroundings\/back-to-nature-the-french-vercors\/\",\"name\":\"The french Vercors : History, landscapes and activities in the Vercors\",\"isPartOf\":{\"@id\":\"https:\/\/www.campinglesbastets.com\/en\/#website\"},\"primaryImageOfPage\":{\"@id\":\"https:\/\/www.campinglesbastets.com\/en\/surroundings\/back-to-nature-the-french-vercors\/#primaryimage\"},\"image\":{\"@id\":\"https:\/\/www.campinglesbastets.com\/en\/surroundings\/back-to-nature-the-french-vercors\/#primaryimage\"},\"thumbnailUrl\":\"https:\/\/www.campinglesbastets.com\/wp-content\/uploads\/2022\/03\/balades-parc-vercors.jpg\",\"datePublished\":\"2022-03-10T21:38:31+00:00\",\"dateModified\":\"2022-04-20T10:20:52+00:00\",\"description\":\"Want to visit the massif of Vercors during your holidays ? Discover the history, the best activities and the most beautiful landscapes of Vercors !\",\"breadcrumb\":{\"@id\":\"https:\/\/www.campinglesbastets.com\/en\/surroundings\/back-to-nature-the-french-vercors\/#breadcrumb\"},\"inLanguage\":\"en-US\",\"potentialAction\":[{\"@type\":\"ReadAction\",\"target\":[\"https:\/\/www.campinglesbastets.com\/en\/surroundings\/back-to-nature-the-french-vercors\/\"]}]},{\"@type\":\"ImageObject\",\"inLanguage\":\"en-US\",\"@id\":\"https:\/\/www.campinglesbastets.com\/en\/surroundings\/back-to-nature-the-french-vercors\/#primaryimage\",\"url\":\"https:\/\/www.campinglesbastets.com\/wp-content\/uploads\/2022\/03\/balades-parc-vercors.jpg\",\"contentUrl\":\"https:\/\/www.campinglesbastets.com\/wp-content\/uploads\/2022\/03\/balades-parc-vercors.jpg\",\"width\":1900,\"height\":1056,\"caption\":\"balades parc vercors\"},{\"@type\":\"BreadcrumbList\",\"@id\":\"https:\/\/www.campinglesbastets.com\/en\/surroundings\/back-to-nature-the-french-vercors\/#breadcrumb\",\"itemListElement\":[{\"@type\":\"ListItem\",\"position\":1,\"name\":\"Camping Dr\u00f4me\",\"item\":\"https:\/\/www.campinglesbastets.com\/en\/\"},{\"@type\":\"ListItem\",\"position\":2,\"name\":\"TOURISM IN THE DR\u00d4ME PROVEN\u00c7ALE\",\"item\":\"https:\/\/www.campinglesbastets.com\/en\/surroundings\/\"},{\"@type\":\"ListItem\",\"position\":3,\"name\":\"Back to nature: the French Vercors\"}]},{\"@type\":\"WebSite\",\"@id\":\"https:\/\/www.campinglesbastets.com\/en\/#website\",\"url\":\"https:\/\/www.campinglesbastets.com\/en\/\",\"name\":\"Camping Les Bastets\",\"description\":\"\",\"publisher\":{\"@id\":\"https:\/\/www.campinglesbastets.com\/en\/#organization\"},\"potentialAction\":[{\"@type\":\"SearchAction\",\"target\":{\"@type\":\"EntryPoint\",\"urlTemplate\":\"https:\/\/www.campinglesbastets.com\/en\/?s={search_term_string}\"},\"query-input\":{\"@type\":\"PropertyValueSpecification\",\"valueRequired\":true,\"valueName\":\"search_term_string\"}}],\"inLanguage\":\"en-US\"},{\"@type\":\"Organization\",\"@id\":\"https:\/\/www.campinglesbastets.com\/en\/#organization\",\"name\":\"Camping Les Bastets\",\"url\":\"https:\/\/www.campinglesbastets.com\/en\/\",\"logo\":{\"@type\":\"ImageObject\",\"inLanguage\":\"en-US\",\"@id\":\"https:\/\/www.campinglesbastets.com\/en\/#\/schema\/logo\/image\/\",\"url\":\"https:\/\/www.campinglesbastets.com\/wp-content\/uploads\/2022\/02\/favicon-1.png\",\"contentUrl\":\"https:\/\/www.campinglesbastets.com\/wp-content\/uploads\/2022\/02\/favicon-1.png\",\"width\":1423,\"height\":1423,\"caption\":\"Camping Les Bastets\"},\"image\":{\"@id\":\"https:\/\/www.campinglesbastets.com\/en\/#\/schema\/logo\/image\/\"}}]}<\/script>\n<!-- \/ Yoast SEO plugin. -->","yoast_head_json":{"title":"The french Vercors : History, landscapes and activities in the Vercors","description":"Want to visit the massif of Vercors during your holidays ? Discover the history, the best activities and the most beautiful landscapes of Vercors !","robots":{"index":"index","follow":"follow","max-snippet":"max-snippet:-1","max-image-preview":"max-image-preview:large","max-video-preview":"max-video-preview:-1"},"canonical":"https:\/\/www.campinglesbastets.com\/en\/surroundings\/back-to-nature-the-french-vercors\/","og_locale":"en_US","og_type":"article","og_title":"The french Vercors : History, landscapes and activities in the Vercors","og_description":"Want to visit the massif of Vercors during your holidays ? Discover the history, the best activities and the most beautiful landscapes of Vercors !","og_url":"https:\/\/www.campinglesbastets.com\/en\/surroundings\/back-to-nature-the-french-vercors\/","og_site_name":"Camping Les Bastets","article_modified_time":"2022-04-20T10:20:52+00:00","og_image":[{"width":1900,"height":1056,"url":"https:\/\/www.campinglesbastets.com\/wp-content\/uploads\/2022\/03\/balades-parc-vercors.jpg","type":"image\/jpeg"}],"twitter_card":"summary_large_image","schema":{"@context":"https:\/\/schema.org","@graph":[{"@type":"WebPage","@id":"https:\/\/www.campinglesbastets.com\/en\/surroundings\/back-to-nature-the-french-vercors\/","url":"https:\/\/www.campinglesbastets.com\/en\/surroundings\/back-to-nature-the-french-vercors\/","name":"The french Vercors : History, landscapes and activities in the Vercors","isPartOf":{"@id":"https:\/\/www.campinglesbastets.com\/en\/#website"},"primaryImageOfPage":{"@id":"https:\/\/www.campinglesbastets.com\/en\/surroundings\/back-to-nature-the-french-vercors\/#primaryimage"},"image":{"@id":"https:\/\/www.campinglesbastets.com\/en\/surroundings\/back-to-nature-the-french-vercors\/#primaryimage"},"thumbnailUrl":"https:\/\/www.campinglesbastets.com\/wp-content\/uploads\/2022\/03\/balades-parc-vercors.jpg","datePublished":"2022-03-10T21:38:31+00:00","dateModified":"2022-04-20T10:20:52+00:00","description":"Want to visit the massif of Vercors during your holidays ? Discover the history, the best activities and the most beautiful landscapes of Vercors !","breadcrumb":{"@id":"https:\/\/www.campinglesbastets.com\/en\/surroundings\/back-to-nature-the-french-vercors\/#breadcrumb"},"inLanguage":"en-US","potentialAction":[{"@type":"ReadAction","target":["https:\/\/www.campinglesbastets.com\/en\/surroundings\/back-to-nature-the-french-vercors\/"]}]},{"@type":"ImageObject","inLanguage":"en-US","@id":"https:\/\/www.campinglesbastets.com\/en\/surroundings\/back-to-nature-the-french-vercors\/#primaryimage","url":"https:\/\/www.campinglesbastets.com\/wp-content\/uploads\/2022\/03\/balades-parc-vercors.jpg","contentUrl":"https:\/\/www.campinglesbastets.com\/wp-content\/uploads\/2022\/03\/balades-parc-vercors.jpg","width":1900,"height":1056,"caption":"balades parc vercors"},{"@type":"BreadcrumbList","@id":"https:\/\/www.campinglesbastets.com\/en\/surroundings\/back-to-nature-the-french-vercors\/#breadcrumb","itemListElement":[{"@type":"ListItem","position":1,"name":"Camping Dr\u00f4me","item":"https:\/\/www.campinglesbastets.com\/en\/"},{"@type":"ListItem","position":2,"name":"TOURISM IN THE DR\u00d4ME PROVEN\u00c7ALE","item":"https:\/\/www.campinglesbastets.com\/en\/surroundings\/"},{"@type":"ListItem","position":3,"name":"Back to nature: the French Vercors"}]},{"@type":"WebSite","@id":"https:\/\/www.campinglesbastets.com\/en\/#website","url":"https:\/\/www.campinglesbastets.com\/en\/","name":"Camping Les Bastets","description":"","publisher":{"@id":"https:\/\/www.campinglesbastets.com\/en\/#organization"},"potentialAction":[{"@type":"SearchAction","target":{"@type":"EntryPoint","urlTemplate":"https:\/\/www.campinglesbastets.com\/en\/?s={search_term_string}"},"query-input":{"@type":"PropertyValueSpecification","valueRequired":true,"valueName":"search_term_string"}}],"inLanguage":"en-US"},{"@type":"Organization","@id":"https:\/\/www.campinglesbastets.com\/en\/#organization","name":"Camping Les Bastets","url":"https:\/\/www.campinglesbastets.com\/en\/","logo":{"@type":"ImageObject","inLanguage":"en-US","@id":"https:\/\/www.campinglesbastets.com\/en\/#\/schema\/logo\/image\/","url":"https:\/\/www.campinglesbastets.com\/wp-content\/uploads\/2022\/02\/favicon-1.png","contentUrl":"https:\/\/www.campinglesbastets.com\/wp-content\/uploads\/2022\/02\/favicon-1.png","width":1423,"height":1423,"caption":"Camping Les Bastets"},"image":{"@id":"https:\/\/www.campinglesbastets.com\/en\/#\/schema\/logo\/image\/"}}]}},"_links":{"self":[{"href":"https:\/\/www.campinglesbastets.com\/en\/wp-json\/wp\/v2\/pages\/10226","targetHints":{"allow":["GET"]}}],"collection":[{"href":"https:\/\/www.campinglesbastets.com\/en\/wp-json\/wp\/v2\/pages"}],"about":[{"href":"https:\/\/www.campinglesbastets.com\/en\/wp-json\/wp\/v2\/types\/page"}],"author":[{"embeddable":true,"href":"https:\/\/www.campinglesbastets.com\/en\/wp-json\/wp\/v2\/users\/1"}],"replies":[{"embeddable":true,"href":"https:\/\/www.campinglesbastets.com\/en\/wp-json\/wp\/v2\/comments?post=10226"}],"version-history":[{"count":5,"href":"https:\/\/www.campinglesbastets.com\/en\/wp-json\/wp\/v2\/pages\/10226\/revisions"}],"predecessor-version":[{"id":10389,"href":"https:\/\/www.campinglesbastets.com\/en\/wp-json\/wp\/v2\/pages\/10226\/revisions\/10389"}],"up":[{"embeddable":true,"href":"https:\/\/www.campinglesbastets.com\/en\/wp-json\/wp\/v2\/pages\/9704"}],"wp:featuredmedia":[{"embeddable":true,"href":"https:\/\/www.campinglesbastets.com\/en\/wp-json\/wp\/v2\/media\/7350"}],"wp:attachment":[{"href":"https:\/\/www.campinglesbastets.com\/en\/wp-json\/wp\/v2\/media?parent=10226"}],"curies":[{"name":"wp","href":"https:\/\/api.w.org\/{rel}","templated":true}]}}